{"id":3005,"date":"2026-06-05T12:14:30","date_gmt":"2026-06-05T12:14:30","guid":{"rendered":"https:\/\/arasinisgluaire.ie\/event\/gerry-guthrie\/"},"modified":"2026-07-06T09:09:25","modified_gmt":"2026-07-06T09:09:25","slug":"gerry-guthrie","status":"publish","type":"event","link":"https:\/\/arasinisgluaire.ie\/ga\/event\/gerry-guthrie\/","title":{"rendered":"Gerry Guthrie"},"content":{"rendered":"\n<p class=\"wp-block-paragraph\">N\u00ed cuimhin le Gerry Guthrie tr\u00e1th ina shaol n\u00e1r mhian leis a bheith ina cheolt\u00f3ir agus ina amhr\u00e1na\u00ed. T\u00e1 an fear as Maigh Eo i gceannas ar a bhanna turais c\u00faigear \u00f3 2010, ag seinm i nd\u00e1nlanna damhsa i ngach cearn d\u2019\u00c9irinn agus n\u00edos faide i gc\u00e9in. T\u00e1 go leor duaiseanna m\u00f3r le r\u00e1 buaite ag Gerry, lena n-\u00e1ir\u00edtear \u201cFeidhm\u00edocht Gutha na Bliana\u201d, \u201cCeolt\u00f3ir na Bliana\u201d agus \u201cAlbam na Bliana\u201d, i measc eile.  <\/p>\n\n<p class=\"wp-block-paragraph\">Anois, agus s\u00e9 albam sti\u00faideo aige chomh maith le roinnt amhr\u00e1n rath\u00fala ar an raidi\u00f3, lena n-\u00e1ir\u00edtear \u201cNew Moon Over My Shoulder\u201d, \u201cThe Boxer\u201d, \u201cThe Lucky Horseshoe\u201d, \u201cDid She Mention My Name\u201d agus go leor eile, t\u00e1 Gerry ag tabhairt faoi a dhara turas ceolchoirme n\u00e1isi\u00fanta, tar \u00e9is rith d\u00edolta amach agus l\u00e9irmheasanna thar a bheith dearfacha anuraidh.<\/p>\n\n<p class=\"wp-block-paragraph\">N\u00e1 caill do sheans ceann de thallann d\u00fachais is fearr na h\u00c9ireann a fheice\u00e1il beo ar an st\u00e1itse. I measc na n-a\u00edonna speisialta sa se\u00f3 t\u00e1 John Glenn, Mick Mulhern, agus Clodagh Togher. <\/p>\n","protected":false},"excerpt":{"rendered":"<p>N\u00ed cuimhin le Gerry Guthrie tr\u00e1th ina shaol n\u00e1r mhian leis a bheith ina cheolt\u00f3ir agus ina amhr\u00e1na\u00ed. T\u00e1 an fear as Maigh Eo i gceannas ar a bhanna turais c\u00faigear \u00f3 2010, ag seinm i nd\u00e1nlanna damhsa i ngach cearn d\u2019\u00c9irinn agus n\u00edos faide i gc\u00e9in. T\u00e1 go leor duaiseanna m\u00f3r le r\u00e1 buaite [&hellip;]<\/p>\n","protected":false},"author":10,"featured_media":2874,"template":"","meta":{"_acf_changed":false},"audience":[],"event-category":[38],"class_list":["post-3005","event","type-event","status-publish","has-post-thumbnail","hentry","event-category-ceolchoirm"],"acf":[],"yoast_head":"<!-- This site is optimized with the Yoast SEO plugin v28.3 - https:\/\/yoast.com\/product\/yoast-seo-wordpress\/ -->\n<title>Gerry Guthrie - \u00c1ras Inis Gluaire Arts Centre<\/title>\n<meta name=\"robots\" content=\"index, follow, max-snippet:-1, max-image-preview:large, max-video-preview:-1\" \/>\n<link rel=\"canonical\" href=\"https:\/\/arasinisgluaire.ie\/ga\/event\/gerry-guthrie\/\" \/>\n<meta property=\"og:locale\" content=\"en_US\" \/>\n<meta property=\"og:type\" content=\"article\" \/>\n<meta property=\"og:title\" content=\"Gerry Guthrie - \u00c1ras Inis Gluaire Arts Centre\" \/>\n<meta property=\"og:description\" content=\"N\u00ed cuimhin le Gerry Guthrie tr\u00e1th ina shaol n\u00e1r mhian leis a bheith ina cheolt\u00f3ir agus ina amhr\u00e1na\u00ed. T\u00e1 an fear as Maigh Eo i gceannas ar a bhanna turais c\u00faigear \u00f3 2010, ag seinm i nd\u00e1nlanna damhsa i ngach cearn d\u2019\u00c9irinn agus n\u00edos faide i gc\u00e9in. T\u00e1 go leor duaiseanna m\u00f3r le r\u00e1 buaite [&hellip;]\" \/>\n<meta property=\"og:url\" content=\"https:\/\/arasinisgluaire.ie\/ga\/event\/gerry-guthrie\/\" \/>\n<meta property=\"og:site_name\" content=\"\u00c1ras Inis Gluaire Arts Centre\" \/>\n<meta property=\"article:modified_time\" content=\"2026-07-06T09:09:25+00:00\" \/>\n<meta property=\"og:image\" content=\"https:\/\/arasinisgluaire.ie\/wp-content\/uploads\/2026\/06\/Gerry-Guthrie-scaled.jpg\" \/>\n\t<meta property=\"og:image:width\" content=\"2560\" \/>\n\t<meta property=\"og:image:height\" content=\"1600\" \/>\n\t<meta property=\"og:image:type\" content=\"image\/jpeg\" \/>\n<meta name=\"twitter:card\" content=\"summary_large_image\" \/>\n<meta name=\"twitter:label1\" content=\"Est. reading time\" \/>\n\t<meta name=\"twitter:data1\" content=\"1 minute\" \/>\n<script type=\"application\/ld+json\" class=\"yoast-schema-graph\">{\"@context\":\"https:\\\/\\\/schema.org\",\"@graph\":[{\"@type\":\"WebPage\",\"@id\":\"https:\\\/\\\/arasinisgluaire.ie\\\/ga\\\/event\\\/gerry-guthrie\\\/\",\"url\":\"https:\\\/\\\/arasinisgluaire.ie\\\/ga\\\/event\\\/gerry-guthrie\\\/\",\"name\":\"Gerry Guthrie - \u00c1ras Inis Gluaire Arts Centre\",\"isPartOf\":{\"@id\":\"https:\\\/\\\/aras-new.mystagingwebsite.com\\\/#website\"},\"primaryImageOfPage\":{\"@id\":\"https:\\\/\\\/arasinisgluaire.ie\\\/ga\\\/event\\\/gerry-guthrie\\\/#primaryimage\"},\"image\":{\"@id\":\"https:\\\/\\\/arasinisgluaire.ie\\\/ga\\\/event\\\/gerry-guthrie\\\/#primaryimage\"},\"thumbnailUrl\":\"https:\\\/\\\/arasinisgluaire.ie\\\/wp-content\\\/uploads\\\/2026\\\/06\\\/Gerry-Guthrie-scaled.jpg\",\"datePublished\":\"2026-06-05T12:14:30+00:00\",\"dateModified\":\"2026-07-06T09:09:25+00:00\",\"breadcrumb\":{\"@id\":\"https:\\\/\\\/arasinisgluaire.ie\\\/ga\\\/event\\\/gerry-guthrie\\\/#breadcrumb\"},\"inLanguage\":\"ga\",\"potentialAction\":[{\"@type\":\"ReadAction\",\"target\":[\"https:\\\/\\\/arasinisgluaire.ie\\\/ga\\\/event\\\/gerry-guthrie\\\/\"]}]},{\"@type\":\"ImageObject\",\"inLanguage\":\"ga\",\"@id\":\"https:\\\/\\\/arasinisgluaire.ie\\\/ga\\\/event\\\/gerry-guthrie\\\/#primaryimage\",\"url\":\"https:\\\/\\\/arasinisgluaire.ie\\\/wp-content\\\/uploads\\\/2026\\\/06\\\/Gerry-Guthrie-scaled.jpg\",\"contentUrl\":\"https:\\\/\\\/arasinisgluaire.ie\\\/wp-content\\\/uploads\\\/2026\\\/06\\\/Gerry-Guthrie-scaled.jpg\",\"width\":2560,\"height\":1600,\"caption\":\"Gerry Guthrie\"},{\"@type\":\"BreadcrumbList\",\"@id\":\"https:\\\/\\\/arasinisgluaire.ie\\\/ga\\\/event\\\/gerry-guthrie\\\/#breadcrumb\",\"itemListElement\":[{\"@type\":\"ListItem\",\"position\":1,\"name\":\"Home\",\"item\":\"https:\\\/\\\/arasinisgluaire.ie\\\/ga\\\/\"},{\"@type\":\"ListItem\",\"position\":2,\"name\":\"Events\",\"item\":\"https:\\\/\\\/arasinisgluaire.ie\\\/ga\\\/event\\\/\"},{\"@type\":\"ListItem\",\"position\":3,\"name\":\"Gerry Guthrie\"}]},{\"@type\":\"WebSite\",\"@id\":\"https:\\\/\\\/aras-new.mystagingwebsite.com\\\/#website\",\"url\":\"https:\\\/\\\/aras-new.mystagingwebsite.com\\\/\",\"name\":\"\u00c1ras Inis Gluaire Arts Centre\",\"description\":\"\",\"potentialAction\":[{\"@type\":\"SearchAction\",\"target\":{\"@type\":\"EntryPoint\",\"urlTemplate\":\"https:\\\/\\\/aras-new.mystagingwebsite.com\\\/?s={search_term_string}\"},\"query-input\":{\"@type\":\"PropertyValueSpecification\",\"valueRequired\":true,\"valueName\":\"search_term_string\"}}],\"inLanguage\":\"ga\"}]}<\/script>\n<!-- \/ Yoast SEO plugin. -->","yoast_head_json":{"title":"Gerry Guthrie - \u00c1ras Inis Gluaire Arts Centre","robots":{"index":"index","follow":"follow","max-snippet":"max-snippet:-1","max-image-preview":"max-image-preview:large","max-video-preview":"max-video-preview:-1"},"canonical":"https:\/\/arasinisgluaire.ie\/ga\/event\/gerry-guthrie\/","og_locale":"en_US","og_type":"article","og_title":"Gerry Guthrie - \u00c1ras Inis Gluaire Arts Centre","og_description":"N\u00ed cuimhin le Gerry Guthrie tr\u00e1th ina shaol n\u00e1r mhian leis a bheith ina cheolt\u00f3ir agus ina amhr\u00e1na\u00ed. T\u00e1 an fear as Maigh Eo i gceannas ar a bhanna turais c\u00faigear \u00f3 2010, ag seinm i nd\u00e1nlanna damhsa i ngach cearn d\u2019\u00c9irinn agus n\u00edos faide i gc\u00e9in. T\u00e1 go leor duaiseanna m\u00f3r le r\u00e1 buaite [&hellip;]","og_url":"https:\/\/arasinisgluaire.ie\/ga\/event\/gerry-guthrie\/","og_site_name":"\u00c1ras Inis Gluaire Arts Centre","article_modified_time":"2026-07-06T09:09:25+00:00","og_image":[{"width":2560,"height":1600,"url":"https:\/\/arasinisgluaire.ie\/wp-content\/uploads\/2026\/06\/Gerry-Guthrie-scaled.jpg","type":"image\/jpeg"}],"twitter_card":"summary_large_image","twitter_misc":{"Est. reading time":"1 minute"},"schema":{"@context":"https:\/\/schema.org","@graph":[{"@type":"WebPage","@id":"https:\/\/arasinisgluaire.ie\/ga\/event\/gerry-guthrie\/","url":"https:\/\/arasinisgluaire.ie\/ga\/event\/gerry-guthrie\/","name":"Gerry Guthrie - \u00c1ras Inis Gluaire Arts Centre","isPartOf":{"@id":"https:\/\/aras-new.mystagingwebsite.com\/#website"},"primaryImageOfPage":{"@id":"https:\/\/arasinisgluaire.ie\/ga\/event\/gerry-guthrie\/#primaryimage"},"image":{"@id":"https:\/\/arasinisgluaire.ie\/ga\/event\/gerry-guthrie\/#primaryimage"},"thumbnailUrl":"https:\/\/arasinisgluaire.ie\/wp-content\/uploads\/2026\/06\/Gerry-Guthrie-scaled.jpg","datePublished":"2026-06-05T12:14:30+00:00","dateModified":"2026-07-06T09:09:25+00:00","breadcrumb":{"@id":"https:\/\/arasinisgluaire.ie\/ga\/event\/gerry-guthrie\/#breadcrumb"},"inLanguage":"ga","potentialAction":[{"@type":"ReadAction","target":["https:\/\/arasinisgluaire.ie\/ga\/event\/gerry-guthrie\/"]}]},{"@type":"ImageObject","inLanguage":"ga","@id":"https:\/\/arasinisgluaire.ie\/ga\/event\/gerry-guthrie\/#primaryimage","url":"https:\/\/arasinisgluaire.ie\/wp-content\/uploads\/2026\/06\/Gerry-Guthrie-scaled.jpg","contentUrl":"https:\/\/arasinisgluaire.ie\/wp-content\/uploads\/2026\/06\/Gerry-Guthrie-scaled.jpg","width":2560,"height":1600,"caption":"Gerry Guthrie"},{"@type":"BreadcrumbList","@id":"https:\/\/arasinisgluaire.ie\/ga\/event\/gerry-guthrie\/#breadcrumb","itemListElement":[{"@type":"ListItem","position":1,"name":"Home","item":"https:\/\/arasinisgluaire.ie\/ga\/"},{"@type":"ListItem","position":2,"name":"Events","item":"https:\/\/arasinisgluaire.ie\/ga\/event\/"},{"@type":"ListItem","position":3,"name":"Gerry Guthrie"}]},{"@type":"WebSite","@id":"https:\/\/aras-new.mystagingwebsite.com\/#website","url":"https:\/\/aras-new.mystagingwebsite.com\/","name":"\u00c1ras Inis Gluaire Arts Centre","description":"","potentialAction":[{"@type":"SearchAction","target":{"@type":"EntryPoint","urlTemplate":"https:\/\/aras-new.mystagingwebsite.com\/?s={search_term_string}"},"query-input":{"@type":"PropertyValueSpecification","valueRequired":true,"valueName":"search_term_string"}}],"inLanguage":"ga"}]}},"jetpack_sharing_enabled":true,"_links":{"self":[{"href":"https:\/\/arasinisgluaire.ie\/ga\/wp-json\/wp\/v2\/event\/3005","targetHints":{"allow":["GET"]}}],"collection":[{"href":"https:\/\/arasinisgluaire.ie\/ga\/wp-json\/wp\/v2\/event"}],"about":[{"href":"https:\/\/arasinisgluaire.ie\/ga\/wp-json\/wp\/v2\/types\/event"}],"author":[{"embeddable":true,"href":"https:\/\/arasinisgluaire.ie\/ga\/wp-json\/wp\/v2\/users\/10"}],"wp:featuredmedia":[{"embeddable":true,"href":"https:\/\/arasinisgluaire.ie\/ga\/wp-json\/wp\/v2\/media\/2874"}],"wp:attachment":[{"href":"https:\/\/arasinisgluaire.ie\/ga\/wp-json\/wp\/v2\/media?parent=3005"}],"wp:term":[{"taxonomy":"audience","embeddable":true,"href":"https:\/\/arasinisgluaire.ie\/ga\/wp-json\/wp\/v2\/audience?post=3005"},{"taxonomy":"event-category","embeddable":true,"href":"https:\/\/arasinisgluaire.ie\/ga\/wp-json\/wp\/v2\/event-category?post=3005"}],"curies":[{"name":"wp","href":"https:\/\/api.w.org\/{rel}","templated":true}]}}