{"id":3205,"date":"2026-09-02T15:46:53","date_gmt":"2026-09-02T15:46:53","guid":{"rendered":"https:\/\/arasinisgluaire.ie\/event\/john-spillane-oiche-chultuir\/"},"modified":"2026-09-03T15:01:26","modified_gmt":"2026-09-03T15:01:26","slug":"john-spillane-oiche-chultuir","status":"publish","type":"event","link":"https:\/\/arasinisgluaire.ie\/ga\/event\/john-spillane-oiche-chultuir\/","title":{"rendered":"John Spillane &#8211; O\u00edche Chult\u00fair"},"content":{"rendered":"\n<p class=\"wp-block-paragraph\">Ceol, Amhr\u00e1in agus Sc\u00e9alta le John Spillane! \ud83c\udfb6<\/p>\n\n<p class=\"wp-block-paragraph\">B\u00edg\u00ed linn le haghaidh tr\u00e1thn\u00f3na iontach l\u00e1n d\u2019amhr\u00e1in, de sc\u00e9alta agus de cheol cro\u00ed\u00fail \u00f3 dhuine de na hamhr\u00e1naithe is suntasa\u00ed in \u00c9irinn. B\u00ed ag s\u00fail le l\u00e9iri\u00fa te, dl\u00fath a bheidh l\u00e1n le greann, cult\u00far na h\u00c9ireann agus fuaim shaini\u00fail John Spillane. <\/p>\n","protected":false},"excerpt":{"rendered":"<p>Ceol, Amhr\u00e1in agus Sc\u00e9alta le John Spillane! \ud83c\udfb6 B\u00edg\u00ed linn le haghaidh tr\u00e1thn\u00f3na iontach l\u00e1n d\u2019amhr\u00e1in, de sc\u00e9alta agus de cheol cro\u00ed\u00fail \u00f3 dhuine de na hamhr\u00e1naithe is suntasa\u00ed in \u00c9irinn. B\u00ed ag s\u00fail le l\u00e9iri\u00fa te, dl\u00fath a bheidh l\u00e1n le greann, cult\u00far na h\u00c9ireann agus fuaim shaini\u00fail John Spillane.<\/p>\n","protected":false},"author":12,"featured_media":3204,"template":"","meta":{"_acf_changed":false},"audience":[],"event-category":[38],"class_list":["post-3205","event","type-event","status-publish","has-post-thumbnail","hentry","event-category-ceolchoirm"],"acf":[],"yoast_head":"<!-- This site is optimized with the Yoast SEO plugin v28.3 - https:\/\/yoast.com\/product\/yoast-seo-wordpress\/ -->\n<title>John Spillane - O\u00edche Chult\u00fair - \u00c1ras Inis Gluaire Arts Centre<\/title>\n<meta name=\"robots\" content=\"index, follow, max-snippet:-1, max-image-preview:large, max-video-preview:-1\" \/>\n<link rel=\"canonical\" href=\"https:\/\/arasinisgluaire.ie\/ga\/event\/john-spillane-oiche-chultuir\/\" \/>\n<meta property=\"og:locale\" content=\"en_US\" \/>\n<meta property=\"og:type\" content=\"article\" \/>\n<meta property=\"og:title\" content=\"John Spillane - O\u00edche Chult\u00fair - \u00c1ras Inis Gluaire Arts Centre\" \/>\n<meta property=\"og:description\" content=\"Ceol, Amhr\u00e1in agus Sc\u00e9alta le John Spillane! \ud83c\udfb6 B\u00edg\u00ed linn le haghaidh tr\u00e1thn\u00f3na iontach l\u00e1n d\u2019amhr\u00e1in, de sc\u00e9alta agus de cheol cro\u00ed\u00fail \u00f3 dhuine de na hamhr\u00e1naithe is suntasa\u00ed in \u00c9irinn. B\u00ed ag s\u00fail le l\u00e9iri\u00fa te, dl\u00fath a bheidh l\u00e1n le greann, cult\u00far na h\u00c9ireann agus fuaim shaini\u00fail John Spillane.\" \/>\n<meta property=\"og:url\" content=\"https:\/\/arasinisgluaire.ie\/ga\/event\/john-spillane-oiche-chultuir\/\" \/>\n<meta property=\"og:site_name\" content=\"\u00c1ras Inis Gluaire Arts Centre\" \/>\n<meta property=\"article:modified_time\" content=\"2026-09-03T15:01:26+00:00\" \/>\n<meta property=\"og:image\" content=\"https:\/\/arasinisgluaire.ie\/wp-content\/uploads\/2026\/09\/john-spillane2-scaled-1.jpg\" \/>\n\t<meta property=\"og:image:width\" content=\"2560\" \/>\n\t<meta property=\"og:image:height\" content=\"1707\" \/>\n\t<meta property=\"og:image:type\" content=\"image\/jpeg\" \/>\n<meta name=\"twitter:card\" content=\"summary_large_image\" \/>\n<script type=\"application\/ld+json\" class=\"yoast-schema-graph\">{\"@context\":\"https:\\\/\\\/schema.org\",\"@graph\":[{\"@type\":\"WebPage\",\"@id\":\"https:\\\/\\\/arasinisgluaire.ie\\\/ga\\\/event\\\/john-spillane-oiche-chultuir\\\/\",\"url\":\"https:\\\/\\\/arasinisgluaire.ie\\\/ga\\\/event\\\/john-spillane-oiche-chultuir\\\/\",\"name\":\"John Spillane - O\u00edche Chult\u00fair - \u00c1ras Inis Gluaire Arts Centre\",\"isPartOf\":{\"@id\":\"https:\\\/\\\/aras-new.mystagingwebsite.com\\\/#website\"},\"primaryImageOfPage\":{\"@id\":\"https:\\\/\\\/arasinisgluaire.ie\\\/ga\\\/event\\\/john-spillane-oiche-chultuir\\\/#primaryimage\"},\"image\":{\"@id\":\"https:\\\/\\\/arasinisgluaire.ie\\\/ga\\\/event\\\/john-spillane-oiche-chultuir\\\/#primaryimage\"},\"thumbnailUrl\":\"https:\\\/\\\/arasinisgluaire.ie\\\/wp-content\\\/uploads\\\/2026\\\/09\\\/john-spillane2-scaled-1.jpg\",\"datePublished\":\"2026-09-02T15:46:53+00:00\",\"dateModified\":\"2026-09-03T15:01:26+00:00\",\"breadcrumb\":{\"@id\":\"https:\\\/\\\/arasinisgluaire.ie\\\/ga\\\/event\\\/john-spillane-oiche-chultuir\\\/#breadcrumb\"},\"inLanguage\":\"ga\",\"potentialAction\":[{\"@type\":\"ReadAction\",\"target\":[\"https:\\\/\\\/arasinisgluaire.ie\\\/ga\\\/event\\\/john-spillane-oiche-chultuir\\\/\"]}]},{\"@type\":\"ImageObject\",\"inLanguage\":\"ga\",\"@id\":\"https:\\\/\\\/arasinisgluaire.ie\\\/ga\\\/event\\\/john-spillane-oiche-chultuir\\\/#primaryimage\",\"url\":\"https:\\\/\\\/arasinisgluaire.ie\\\/wp-content\\\/uploads\\\/2026\\\/09\\\/john-spillane2-scaled-1.jpg\",\"contentUrl\":\"https:\\\/\\\/arasinisgluaire.ie\\\/wp-content\\\/uploads\\\/2026\\\/09\\\/john-spillane2-scaled-1.jpg\",\"width\":2560,\"height\":1707},{\"@type\":\"BreadcrumbList\",\"@id\":\"https:\\\/\\\/arasinisgluaire.ie\\\/ga\\\/event\\\/john-spillane-oiche-chultuir\\\/#breadcrumb\",\"itemListElement\":[{\"@type\":\"ListItem\",\"position\":1,\"name\":\"Home\",\"item\":\"https:\\\/\\\/arasinisgluaire.ie\\\/ga\\\/\"},{\"@type\":\"ListItem\",\"position\":2,\"name\":\"Events\",\"item\":\"https:\\\/\\\/arasinisgluaire.ie\\\/ga\\\/event\\\/\"},{\"@type\":\"ListItem\",\"position\":3,\"name\":\"John Spillane &#8211; O\u00edche Chult\u00fair\"}]},{\"@type\":\"WebSite\",\"@id\":\"https:\\\/\\\/aras-new.mystagingwebsite.com\\\/#website\",\"url\":\"https:\\\/\\\/aras-new.mystagingwebsite.com\\\/\",\"name\":\"\u00c1ras Inis Gluaire Arts Centre\",\"description\":\"\",\"potentialAction\":[{\"@type\":\"SearchAction\",\"target\":{\"@type\":\"EntryPoint\",\"urlTemplate\":\"https:\\\/\\\/aras-new.mystagingwebsite.com\\\/?s={search_term_string}\"},\"query-input\":{\"@type\":\"PropertyValueSpecification\",\"valueRequired\":true,\"valueName\":\"search_term_string\"}}],\"inLanguage\":\"ga\"}]}<\/script>\n<!-- \/ Yoast SEO plugin. -->","yoast_head_json":{"title":"John Spillane - O\u00edche Chult\u00fair - \u00c1ras Inis Gluaire Arts Centre","robots":{"index":"index","follow":"follow","max-snippet":"max-snippet:-1","max-image-preview":"max-image-preview:large","max-video-preview":"max-video-preview:-1"},"canonical":"https:\/\/arasinisgluaire.ie\/ga\/event\/john-spillane-oiche-chultuir\/","og_locale":"en_US","og_type":"article","og_title":"John Spillane - O\u00edche Chult\u00fair - \u00c1ras Inis Gluaire Arts Centre","og_description":"Ceol, Amhr\u00e1in agus Sc\u00e9alta le John Spillane! \ud83c\udfb6 B\u00edg\u00ed linn le haghaidh tr\u00e1thn\u00f3na iontach l\u00e1n d\u2019amhr\u00e1in, de sc\u00e9alta agus de cheol cro\u00ed\u00fail \u00f3 dhuine de na hamhr\u00e1naithe is suntasa\u00ed in \u00c9irinn. B\u00ed ag s\u00fail le l\u00e9iri\u00fa te, dl\u00fath a bheidh l\u00e1n le greann, cult\u00far na h\u00c9ireann agus fuaim shaini\u00fail John Spillane.","og_url":"https:\/\/arasinisgluaire.ie\/ga\/event\/john-spillane-oiche-chultuir\/","og_site_name":"\u00c1ras Inis Gluaire Arts Centre","article_modified_time":"2026-09-03T15:01:26+00:00","og_image":[{"width":2560,"height":1707,"url":"https:\/\/arasinisgluaire.ie\/wp-content\/uploads\/2026\/09\/john-spillane2-scaled-1.jpg","type":"image\/jpeg"}],"twitter_card":"summary_large_image","schema":{"@context":"https:\/\/schema.org","@graph":[{"@type":"WebPage","@id":"https:\/\/arasinisgluaire.ie\/ga\/event\/john-spillane-oiche-chultuir\/","url":"https:\/\/arasinisgluaire.ie\/ga\/event\/john-spillane-oiche-chultuir\/","name":"John Spillane - O\u00edche Chult\u00fair - \u00c1ras Inis Gluaire Arts Centre","isPartOf":{"@id":"https:\/\/aras-new.mystagingwebsite.com\/#website"},"primaryImageOfPage":{"@id":"https:\/\/arasinisgluaire.ie\/ga\/event\/john-spillane-oiche-chultuir\/#primaryimage"},"image":{"@id":"https:\/\/arasinisgluaire.ie\/ga\/event\/john-spillane-oiche-chultuir\/#primaryimage"},"thumbnailUrl":"https:\/\/arasinisgluaire.ie\/wp-content\/uploads\/2026\/09\/john-spillane2-scaled-1.jpg","datePublished":"2026-09-02T15:46:53+00:00","dateModified":"2026-09-03T15:01:26+00:00","breadcrumb":{"@id":"https:\/\/arasinisgluaire.ie\/ga\/event\/john-spillane-oiche-chultuir\/#breadcrumb"},"inLanguage":"ga","potentialAction":[{"@type":"ReadAction","target":["https:\/\/arasinisgluaire.ie\/ga\/event\/john-spillane-oiche-chultuir\/"]}]},{"@type":"ImageObject","inLanguage":"ga","@id":"https:\/\/arasinisgluaire.ie\/ga\/event\/john-spillane-oiche-chultuir\/#primaryimage","url":"https:\/\/arasinisgluaire.ie\/wp-content\/uploads\/2026\/09\/john-spillane2-scaled-1.jpg","contentUrl":"https:\/\/arasinisgluaire.ie\/wp-content\/uploads\/2026\/09\/john-spillane2-scaled-1.jpg","width":2560,"height":1707},{"@type":"BreadcrumbList","@id":"https:\/\/arasinisgluaire.ie\/ga\/event\/john-spillane-oiche-chultuir\/#breadcrumb","itemListElement":[{"@type":"ListItem","position":1,"name":"Home","item":"https:\/\/arasinisgluaire.ie\/ga\/"},{"@type":"ListItem","position":2,"name":"Events","item":"https:\/\/arasinisgluaire.ie\/ga\/event\/"},{"@type":"ListItem","position":3,"name":"John Spillane &#8211; O\u00edche Chult\u00fair"}]},{"@type":"WebSite","@id":"https:\/\/aras-new.mystagingwebsite.com\/#website","url":"https:\/\/aras-new.mystagingwebsite.com\/","name":"\u00c1ras Inis Gluaire Arts Centre","description":"","potentialAction":[{"@type":"SearchAction","target":{"@type":"EntryPoint","urlTemplate":"https:\/\/aras-new.mystagingwebsite.com\/?s={search_term_string}"},"query-input":{"@type":"PropertyValueSpecification","valueRequired":true,"valueName":"search_term_string"}}],"inLanguage":"ga"}]}},"jetpack_sharing_enabled":true,"_links":{"self":[{"href":"https:\/\/arasinisgluaire.ie\/ga\/wp-json\/wp\/v2\/event\/3205","targetHints":{"allow":["GET"]}}],"collection":[{"href":"https:\/\/arasinisgluaire.ie\/ga\/wp-json\/wp\/v2\/event"}],"about":[{"href":"https:\/\/arasinisgluaire.ie\/ga\/wp-json\/wp\/v2\/types\/event"}],"author":[{"embeddable":true,"href":"https:\/\/arasinisgluaire.ie\/ga\/wp-json\/wp\/v2\/users\/12"}],"wp:featuredmedia":[{"embeddable":true,"href":"https:\/\/arasinisgluaire.ie\/ga\/wp-json\/wp\/v2\/media\/3204"}],"wp:attachment":[{"href":"https:\/\/arasinisgluaire.ie\/ga\/wp-json\/wp\/v2\/media?parent=3205"}],"wp:term":[{"taxonomy":"audience","embeddable":true,"href":"https:\/\/arasinisgluaire.ie\/ga\/wp-json\/wp\/v2\/audience?post=3205"},{"taxonomy":"event-category","embeddable":true,"href":"https:\/\/arasinisgluaire.ie\/ga\/wp-json\/wp\/v2\/event-category?post=3205"}],"curies":[{"name":"wp","href":"https:\/\/api.w.org\/{rel}","templated":true}]}}